{"id":40,"date":"2024-11-25T21:30:33","date_gmt":"2024-11-25T21:30:33","guid":{"rendered":"https:\/\/tpzl.info\/?page_id=40"},"modified":"2026-03-03T21:16:32","modified_gmt":"2026-03-03T20:16:32","slug":"zasluzony-dla-ziemi-losickiej","status":"publish","type":"page","link":"https:\/\/tpzl.info\/index.php\/zasluzony-dla-ziemi-losickiej\/","title":{"rendered":"Zas\u0142u\u017cony dla Ziemi \u0141osickiej"},"content":{"rendered":"\n<h2 class=\"wp-block-heading\">REGULAMIN<\/h2>\n\n\n\n<p><strong>HONOROWEGO ODZNACZENIA TOWARZYSTWA PRZYJACI\u00d3\u0141 ZIEMI \u0141OSICKIEJ<br>&#8222;ZAS\u0141U\u017bONY DLA ZIEMI \u0141OSICKIEJ&#8221;<\/strong><\/p>\n\n\n\n<h2 class=\"wp-block-heading\">REGULAMIN ODZNACZENIA<\/h2>\n\n\n\n<p>Regulamin Honorowego Odznaczenia Towarzystwa Przyjaci\u00f3\u0142 Ziemi \u0141osickiej<\/p>\n\n\n\n<p>\u201e<strong>ZAS\u0141U\u017bONY DLA ZIEMI \u0141OSICKIEJ\u201d<\/strong><\/p>\n\n\n\n<ol class=\"wp-block-list\">\n<li>Odznaczenie przyznaje si\u0119 zgodnie z celem dzia\u0142ania TPZ\u0141 w dziedzinach:<\/li>\n<\/ol>\n\n\n\n<ul class=\"wp-block-list\">\n<li>Dzia\u0142alno\u015b\u0107 spo\u0142eczna<\/li>\n\n\n\n<li>Dzia\u0142alno\u015b\u0107 gospodarcza<\/li>\n\n\n\n<li>Kultura<\/li>\n\n\n\n<li>Dziedzictwo historii \/historia regionu\/<\/li>\n<\/ul>\n\n\n\n<ol class=\"wp-block-list\">\n<li>Zg\u0142oszenie kandydat\u00f3w.<\/li>\n<\/ol>\n\n\n\n<p>Zg\u0142oszenia kandydat\u00f3w mo\u017ce dokona\u0107:<\/p>\n\n\n\n<p>a\/ osoba indywidualna<\/p>\n\n\n\n<p>b\/ grupa os\u00f3b<\/p>\n\n\n\n<p>c\/ stowarzyszenia, instytucje<\/p>\n\n\n\n<ol class=\"wp-block-list\">\n<li>Forma zg\u0142oszenia<\/li>\n<\/ol>\n\n\n\n<p>Wniosek z obszernym uzasadnieniem, czyli laudacja kandydata \/formularz zg\u0142oszeniowy\/ do pobrania na stronie&nbsp;<strong>http:\/\/www.tpzl.info\/<\/strong><\/p>\n\n\n\n<ol class=\"wp-block-list\">\n<li>Termin zg\u0142oszenia<\/li>\n<\/ol>\n\n\n\n<p>Do dnia 15 maja ka\u017cdego roku do Kapitu\u0142y Odznaczenia na adres Zarz\u0105du TPZ\u0141<\/p>\n\n\n\n<ol class=\"wp-block-list\">\n<li>Wniosek rozpatruje i werdykt wydaje Kapitu\u0142a Odznaczenia wg. przyj\u0119tych zasad.<\/li>\n\n\n\n<li>Wr\u0119czenie odznaczenia<\/li>\n<\/ol>\n\n\n\n<p>Odznaczenia wr\u0119cza si\u0119 podczas konferencji w ramach \u201ePodlaskich Spotka\u0144 Regionalnych\u201d<\/p>\n\n\n\n<p>FORMULARZ ZG\u0141OSZENIOWY ODZNACZENIA<\/p>\n\n\n\n<p>\u201e<strong>ZAS\u0141U\u017bONY DLA ZIEMI \u0141OSICKIEJ\u201d<\/strong><\/p>\n\n\n\n<ol style=\"list-style-type:upper-roman\" class=\"wp-block-list\">\n<li><strong>Wnioskodawca<\/strong><\/li>\n<\/ol>\n\n\n\n<p>\/Imi\u0119 i nazwisko lub nazwa instytucji, organizacji\/ \u2026\u2026\u2026\u2026\u2026\u2026\u2026\u2026\u2026\u2026\u2026\u2026\u2026\u2026\u2026\u2026\u2026\u2026\u2026\u2026\u2026\u2026\u2026\u2026\u2026\u2026\u2026\u2026\u2026\u2026\u2026\u2026\u2026\u2026\u2026<\/p>\n\n\n\n<p>\/Adres\/ \u2026\u2026\u2026\u2026\u2026\u2026\u2026\u2026\u2026\u2026\u2026\u2026\u2026\u2026\u2026\u2026\u2026\u2026\u2026\u2026\u2026\u2026\u2026\u2026\u2026\u2026\u2026\u2026\u2026\u2026\u2026\u2026\u2026\u2026\u2026\u2026\u2026\u2026\u2026\u2026\u2026\u2026\u2026\u2026\u2026\u2026\u2026\u2026\u2026\u2026\u2026\u2026<\/p>\n\n\n\n<ol style=\"list-style-type:upper-roman\" class=\"wp-block-list\">\n<li><strong>Kandydat do odznaczenia<\/strong><\/li>\n<\/ol>\n\n\n\n<p><strong>A. \/Osoba fizyczna\/<\/strong><\/p>\n\n\n\n<p>Imi\u0119 i Nazwisko \u2026\u2026\u2026\u2026\u2026\u2026\u2026\u2026\u2026\u2026\u2026\u2026\u2026\u2026\u2026\u2026\u2026\u2026\u2026\u2026\u2026\u2026\u2026\u2026\u2026\u2026\u2026\u2026\u2026\u2026\u2026\u2026\u2026<\/p>\n\n\n\n<p>Data urodzenia \u2026\u2026\u2026\u2026\u2026\u2026\u2026\u2026\u2026\u2026\u2026\u2026\u2026\u2026\u2026\u2026\u2026\u2026\u2026\u2026\u2026\u2026\u2026\u2026\u2026\u2026\u2026\u2026\u2026\u2026\u2026\u2026\u2026<\/p>\n\n\n\n<p>Adres zamieszkania \u2026\u2026\u2026\u2026\u2026\u2026\u2026\u2026\u2026\u2026\u2026\u2026\u2026\u2026\u2026\u2026\u2026\u2026\u2026\u2026\u2026\u2026\u2026\u2026\u2026\u2026\u2026\u2026\u2026\u2026\u2026\u2026\u2026<\/p>\n\n\n\n<p><strong>B. \/ Instytucja, organizacja \/<\/strong><\/p>\n\n\n\n<p>Nazwa \u2026\u2026\u2026\u2026\u2026\u2026\u2026\u2026\u2026\u2026\u2026\u2026\u2026\u2026\u2026\u2026\u2026\u2026\u2026\u2026\u2026\u2026\u2026\u2026\u2026\u2026\u2026\u2026\u2026\u2026\u2026\u2026\u2026<\/p>\n\n\n\n<p>Adres \u2026\u2026\u2026\u2026\u2026\u2026\u2026\u2026\u2026\u2026\u2026\u2026\u2026\u2026\u2026\u2026\u2026\u2026\u2026\u2026\u2026\u2026\u2026\u2026\u2026\u2026\u2026\u2026\u2026\u2026\u2026\u2026\u2026<\/p>\n\n\n\n<ol style=\"list-style-type:upper-roman\" class=\"wp-block-list\">\n<li><strong>Uzasadnienie wniosku<\/strong>:<\/li>\n<\/ol>\n\n\n\n<p>\u2026\u2026\u2026\u2026\u2026\u2026\u2026\u2026\u2026\u2026\u2026\u2026\u2026\u2026\u2026\u2026\u2026\u2026\u2026\u2026\u2026\u2026\u2026\u2026\u2026\u2026\u2026\u2026\u2026\u2026\u2026\u2026\u2026\u2026\u2026\u2026\u2026\u2026\u2026\u2026\u2026\u2026\u2026\u2026\u2026\u2026\u2026\u2026\u2026\u2026\u2026\u2026\u2026\u2026\u2026\u2026\u2026\u2026\u2026\u2026\u2026\u2026\u2026\u2026\u2026\u2026\u2026<\/p>\n\n\n\n<p>&#8230;&#8230;&#8230;&#8230;&#8230;&#8230;&#8230;&#8230;&#8230;&#8230;&#8230;&#8230;&#8230;&#8230;&#8230;&#8230;&#8230;&#8230;&#8230;&#8230;&#8230;&#8230;&#8230;&#8230;&#8230;&#8230;&#8230;&#8230;&#8230;&#8230;&#8230;&#8230;&#8230;&#8230;&#8230;&#8230;&#8230;&#8230;&#8230;&#8230;&#8230;&#8230;&#8230;&#8230;&#8230;&#8230;&#8230;&#8230;&#8230;&#8230;&#8230;&#8230;&#8230;&#8230;&#8230;&#8230;&#8230;&#8230;&#8230;&#8230;&#8230;&#8230;&#8230;&#8230;&#8230;&#8230;&#8230;&#8230;&#8230;&#8230;.<\/p>\n\n\n\n<p>&nbsp; &nbsp; &nbsp; &nbsp; &nbsp; &nbsp; &nbsp; &nbsp; &nbsp; &nbsp; &nbsp; &nbsp; &nbsp; &nbsp; &nbsp; &nbsp; &nbsp; &nbsp; &nbsp; &nbsp; &nbsp; &nbsp; &nbsp; &nbsp; &nbsp; &nbsp; &nbsp; &nbsp; &nbsp; &nbsp; &nbsp; &nbsp; &nbsp; &nbsp; &nbsp; &nbsp; &nbsp; &nbsp; &nbsp; &nbsp; &nbsp; &nbsp; &nbsp; &nbsp; &nbsp; &nbsp; &nbsp; &nbsp; &nbsp; &nbsp; &nbsp;Data\u2026\u2026\u2026\u2026\u2026\u2026\u2026\u2026\u2026\u2026\u2026\u2026.. Podpis zg\u0142aszaj\u0105cego<\/p>\n\n\n\n<p>\u201e<strong>Zas\u0142u\u017cony dla Ziemi \u0141osickiej\u201d<\/strong><\/p>\n\n\n\n<p>&nbsp; &nbsp;\u201eZas\u0142u\u017cony dla Ziemi \u0141osickiej\u201d to zaszczytne, honorowe odznaczenie ustanowione przez Zarz\u0105d Towarzystwa Przyjaci\u00f3\u0142 Ziemi \u0141osickiej w 2000 r. dla os\u00f3b indywidualnych i instytucji za szczeg\u00f3lne zas\u0142ugi dla Ziemi \u0141osickiej.<\/p>\n\n\n\n<p>Kandydat\u00f3w do odznaczenia mog\u0105 zg\u0142asza\u0107 (z dok\u0142adnym opisem dokona\u0144) cz\u0142onkowie TPZ\u0141, urz\u0119dy, instytucje oraz inne osoby indywidualne)<\/p>\n\n\n\n<p>Wnioski zg\u0142oszeniowe o nadanie honorowego tytu\u0142u rozpatruje, ocenia i wydaje werdykt Kapitu\u0142a Odznaczenia \u201eZas\u0142u\u017cony dla Ziemi \u0141osickiej\u201d<\/p>\n\n\n\n<p>Wnioski kandydat\u00f3w prosimy przesy\u0142a\u0107 do dnia 15.05.2019r. na adres Zarz\u0105du TPZ\u0141:<\/p>\n\n\n\n<p><strong>ul. Berka Joselewicza 13 08-200 \u0141osice<\/strong><\/p>\n\n\n\n<p><img>&nbsp;Uroczyste uhonorowanie nominat\u00f3w poprzez wr\u0119czenie tytu\u0142u honorowego \u201eZas\u0142u\u017cony dla Ziemi \u0141osickiej\u201d odbywa si\u0119 podczas organizowanej przez TPZ\u0141 konferencji popularnonaukowej w ramach Podlaskich Spotka\u0144 Regionalnych, w pa\u017adzierniku\/listopadzie ka\u017cdego roku.<\/p>\n\n\n\n<p>&nbsp; &nbsp; &nbsp; &nbsp; &nbsp; &nbsp; &nbsp; &nbsp; &nbsp; &nbsp; &nbsp; &nbsp; &nbsp; &nbsp; &nbsp; &nbsp; &nbsp; &nbsp; &nbsp; &nbsp; &nbsp; &nbsp; &nbsp; &nbsp; &nbsp; &nbsp; &nbsp; &nbsp; &nbsp; &nbsp; &nbsp; &nbsp; &nbsp; &nbsp; &nbsp; &nbsp; &nbsp; &nbsp; &nbsp; &nbsp; &nbsp; &nbsp; &nbsp; &nbsp; &nbsp; &nbsp; &nbsp; &nbsp; &nbsp; &nbsp; &nbsp; &nbsp; &nbsp; &nbsp; &nbsp; &nbsp; &nbsp; &nbsp; &nbsp; &nbsp; &nbsp; &nbsp; &nbsp; &nbsp; &nbsp; &nbsp; &nbsp; &nbsp; &nbsp; &nbsp; &nbsp; &nbsp; &nbsp; &nbsp; &nbsp; &nbsp; &nbsp; &nbsp; &nbsp; &nbsp; &nbsp; &nbsp; &nbsp; &nbsp; &nbsp; &nbsp; &nbsp; &nbsp; &nbsp; &nbsp; &nbsp; &nbsp; &nbsp; &nbsp; &nbsp; &nbsp; Zarz\u0105d TPZ\u0141<\/p>\n\n\n\n<p>&nbsp;&nbsp;&nbsp;&nbsp;&nbsp;&nbsp;&nbsp;&nbsp;&nbsp;&nbsp;&nbsp;&nbsp;&nbsp;&nbsp;&nbsp;&nbsp;&nbsp;&nbsp;&nbsp;&nbsp;&nbsp;&nbsp;&nbsp;&nbsp;&nbsp;&nbsp;&nbsp;&nbsp;&nbsp;&nbsp;&nbsp;&nbsp;&nbsp;&nbsp;&nbsp;&nbsp;&nbsp;&nbsp;&nbsp;&nbsp;&nbsp;&nbsp;&nbsp;&nbsp;&nbsp; &nbsp; &nbsp; &nbsp; &nbsp; &nbsp;&nbsp;&nbsp; KAPITU\u0141A ODZNACZENIA<\/p>\n\n\n\n<p>1)&nbsp; Fr\u0105czek Wanda<\/p>\n\n\n\n<p>2)&nbsp; Czmoch Marian<\/p>\n\n\n\n<p>3)&nbsp; Kosieradzki Waldemar<\/p>\n\n\n\n<p>4)&nbsp; Koz\u0142owska Dorota<\/p>\n\n\n\n<p>5)&nbsp; Michaluk Jadwiga<\/p>\n\n\n\n<p>6)&nbsp; Rumik Krzysztof<\/p>\n\n\n\n<p>7)&nbsp; Wasilewska Agata<\/p>\n\n\n\n<p>8)&nbsp; J\u00f3\u017cwiaczuk Romuald<br>9)&nbsp; Kobyli\u0144ski Jan<\/p>\n\n\n\n<p><strong>LISTA OS\u00d3B I FIRM, KT\u00d3RE OTRZYMA\u0141Y HONOROWE ODZNACZENIE TPZ\u0141<br>&#8222;ZAS\u0141U\u017bONY DLA ZIEMI \u0141OSICKIEJ&#8221;<\/strong><\/p>\n\n\n\n<p>&nbsp;&nbsp;&nbsp;&nbsp;&nbsp;&nbsp;&nbsp;&nbsp;&nbsp;<br>&nbsp;&nbsp;&nbsp;&nbsp;&nbsp;&nbsp;&nbsp;&nbsp;&nbsp;&nbsp;&nbsp;&nbsp;&nbsp;&nbsp;&nbsp;&nbsp;&nbsp;&nbsp;&nbsp;&nbsp;&nbsp;&nbsp;&nbsp;&nbsp;&nbsp;&nbsp;&nbsp;&nbsp;&nbsp;&nbsp;&nbsp;&nbsp;&nbsp;&nbsp;&nbsp;&nbsp;&nbsp;&nbsp;&nbsp;&nbsp;&nbsp;&nbsp;&nbsp;&nbsp;&nbsp;&nbsp;&nbsp;&nbsp;&nbsp;&nbsp;&nbsp;&nbsp;&nbsp;&nbsp;&nbsp;&nbsp;&nbsp;&nbsp;&nbsp;&nbsp;&nbsp;&nbsp;&nbsp;&nbsp;&nbsp;&nbsp;&nbsp;&nbsp;&nbsp;&nbsp;&nbsp;&nbsp;&nbsp;&nbsp;&nbsp;&nbsp;&nbsp;&nbsp;&nbsp;&nbsp;&nbsp;&nbsp;&nbsp;&nbsp;&nbsp;&nbsp;&nbsp;&nbsp;&nbsp;&nbsp;&nbsp;&nbsp;&nbsp;&nbsp;&nbsp; ROK 2000<\/p>\n\n\n\n<p>1) Ryszard Chojecki<\/p>\n\n\n\n<p>2) Mieczys\u0142aw Czarnecki<\/p>\n\n\n\n<p>3) Izba Pami\u0119ci Narodowej w Niemojkach<\/p>\n\n\n\n<p>4) Franciszek Krasuski<\/p>\n\n\n\n<p>5) Romuald III Mikoszewski<\/p>\n\n\n\n<p>6) J\u00f3zef Rumik<\/p>\n\n\n\n<p>7) Barbara Wycz\u00f3\u0142kowska-\u0141otocka<\/p>\n\n\n\n<p>8) Marian Wycz\u00f3\u0142kowski<\/p>\n\n\n\n<p><\/p>\n\n\n\n<p>ROK 2001<\/p>\n\n\n\n<p>1) Zofia i Feliks Boruci\u0144scy<\/p>\n\n\n\n<p>2) Jan Czy\u017cewski<\/p>\n\n\n\n<p>3) W\u0142adys\u0142aw Go\u0142\u0105bek<\/p>\n\n\n\n<p>4) Zenobiusz Kry\u0144ski<\/p>\n\n\n\n<p>5) Stanis\u0142aw i Micha\u0142 Lelejkowie<\/p>\n\n\n\n<p>6) Teodor Lipecki<\/p>\n\n\n\n<p>7) Jan Ludwiczuk<\/p>\n\n\n\n<p>8) Marek Olszewski<\/p>\n\n\n\n<p>9) Stefania Tomaszewska<\/p>\n\n\n\n<p>10) Marianna Tomczuk<\/p>\n\n\n\n<p><\/p>\n\n\n\n<p>ROK 2004<\/p>\n\n\n\n<p>1) Jan Borkowski<\/p>\n\n\n\n<p>2) Daniel Chemycz<\/p>\n\n\n\n<p>3) Wac\u0142awa Grodzicka-Czechowska<\/p>\n\n\n\n<p>4) Stanis\u0142aw Jaszczuk<\/p>\n\n\n\n<p>5) Marian Kwiatek<\/p>\n\n\n\n<p>6) Liceum Og\u00f3lnokszta\u0142c\u0105ce w \u0141osicach<\/p>\n\n\n\n<p>7) Wac\u0142aw Ostapski<\/p>\n\n\n\n<p>8) Tadeusz Sobieszczak<\/p>\n\n\n\n<p><\/p>\n\n\n\n<p>ROK 2005<\/p>\n\n\n\n<p>1) Bank Sp\u00f3\u0142dzielczy w \u0141osicach<\/p>\n\n\n\n<p>2) Jerzy Chemycz<\/p>\n\n\n\n<p>3) Wies\u0142aw Kaczy\u0144ski &#8222;M\u0142yny&#8221;<\/p>\n\n\n\n<p>4) Hanna i Jan Kobyli\u0144\u015bcy &#8222;Janko&#8221;<\/p>\n\n\n\n<p>5) Ewa i Andrzej Kowalscy &#8222;Anthek&#8221;<\/p>\n\n\n\n<p>6) Ks. Henryk Rzeszotek<\/p>\n\n\n\n<p>7) &#8222;WOKAS&#8221; Kopalnie Torfu \u0141osice<\/p>\n\n\n\n<p>8) ZPI &#8222;Polfer&#8221; Wo\u017aniki<\/p>\n\n\n\n<p><\/p>\n\n\n\n<p>ROK 2006<\/p>\n\n\n\n<p>1) Stanis\u0142aw Bartoszuk<\/p>\n\n\n\n<p>2) Waldemar Bielak<\/p>\n\n\n\n<p>3) J\u00f3zefa Bobi\u0144ska<\/p>\n\n\n\n<p>4) Maria Daszko<\/p>\n\n\n\n<p>5) Mieczys\u0142aw G\u0142uchowski<\/p>\n\n\n\n<p>6) Ks. Stanis\u0142aw Grabowiecki<\/p>\n\n\n\n<p>7) Stanis\u0142aw Kondraciuk<\/p>\n\n\n\n<p>8) Roman Kosieradzki &#8222;Koradex&#8221;<\/p>\n\n\n\n<p>9) Zesp\u00f3\u0142 Pie\u015bni i Ta\u0144ca &#8222;Pasieka&#8221; z Platerowa<\/p>\n\n\n\n<p><\/p>\n\n\n\n<p>ROK 2007<\/p>\n\n\n\n<p>1) Tadeusz Bana\u015b<\/p>\n\n\n\n<p>2) Eugeniusz Ci\u0105\u0107ka<\/p>\n\n\n\n<p>3) Jerzy Geresz<\/p>\n\n\n\n<p>4) Ryszard \u0141opatniuk<\/p>\n\n\n\n<p>5) Krystyn hr. Ostrowski (Cz\u0142onek Emigracyjnego Rz\u0105du Rzeczypospolitej w Londynie)<\/p>\n\n\n\n<p>6) Eugeniusz Sokalski<\/p>\n\n\n\n<p>7) Barbara Wachowicz<\/p>\n\n\n\n<p>8) dr Witold Wr\u00f3blewski<\/p>\n\n\n\n<p><\/p>\n\n\n\n<p>ROK 2008<\/p>\n\n\n\n<p>1) Wac\u0142aw Biernacki<\/p>\n\n\n\n<p>2) Jan Bojdo<\/p>\n\n\n\n<p>3) Krzysztof Wawrzyniec Borkowski<\/p>\n\n\n\n<p>4) Bogus\u0142aw Czarski<\/p>\n\n\n\n<p>5) Tomasz Izydor Dobrowolski<\/p>\n\n\n\n<p>6) Jan Gmitruk<\/p>\n\n\n\n<p>7) Franciszek Ka\u0142u\u017cny<\/p>\n\n\n\n<p>8) Franciszek Kobyli\u0144ski<\/p>\n\n\n\n<p>9) S\u0142awomir Kordaczuk<\/p>\n\n\n\n<p>10) Czes\u0142aw Narojek<\/p>\n\n\n\n<p>11) Beata Haris Ostrowska<\/p>\n\n\n\n<p>12) Stefan Tadeusz Sza\u0144kowski<\/p>\n\n\n\n<p><\/p>\n\n\n\n<p>ROK 2009<\/p>\n\n\n\n<p>1) Bp Diecezji Drohiczy\u0144skiej Antoni Dydycz<\/p>\n\n\n\n<p>2) Ewa Orze\u0142owska<\/p>\n\n\n\n<p>3) Tomasz Skrzyczy\u0144ski<\/p>\n\n\n\n<p><\/p>\n\n\n\n<p>&nbsp;&nbsp;&nbsp;&nbsp;&nbsp;&nbsp;&nbsp;&nbsp;&nbsp;&nbsp;&nbsp;&nbsp;&nbsp;&nbsp;&nbsp;&nbsp;&nbsp;&nbsp;&nbsp;&nbsp;&nbsp;&nbsp;&nbsp;&nbsp;&nbsp;&nbsp;&nbsp;&nbsp;&nbsp;&nbsp;&nbsp;&nbsp;&nbsp;&nbsp;&nbsp;&nbsp;&nbsp;&nbsp;&nbsp;&nbsp;&nbsp;&nbsp;&nbsp;&nbsp;&nbsp;&nbsp;&nbsp;&nbsp;&nbsp;&nbsp;&nbsp;&nbsp;&nbsp;&nbsp;&nbsp;&nbsp;&nbsp;&nbsp;&nbsp;&nbsp;&nbsp;&nbsp;&nbsp;&nbsp;&nbsp;&nbsp;&nbsp;&nbsp;&nbsp;&nbsp;&nbsp;&nbsp;&nbsp;&nbsp;&nbsp;&nbsp;&nbsp;&nbsp;&nbsp;&nbsp;&nbsp;&nbsp;&nbsp;&nbsp;&nbsp;&nbsp;&nbsp;&nbsp;&nbsp;&nbsp;&nbsp;&nbsp;&nbsp;&nbsp;&nbsp;&nbsp;&nbsp; ROK 2010\/2011<\/p>\n\n\n\n<p>1) Czes\u0142aw Baran<\/p>\n\n\n\n<p>2) Wojciech Bolesta<\/p>\n\n\n\n<p>3) Henryk Brodowski<\/p>\n\n\n\n<p>4) Ryszard Dziedzic<\/p>\n\n\n\n<p>5) Czes\u0142aw Gizi\u0144ski<\/p>\n\n\n\n<p>6) Roman Kasprowicz<\/p>\n\n\n\n<p>7) Stanis\u0142aw Michalak<\/p>\n\n\n\n<p>8) Jerzy Nasiadko<\/p>\n\n\n\n<p>9) Jan Okruch<\/p>\n\n\n\n<p>10) Adam Struzik<\/p>\n\n\n\n<p>11) Szczepan Wereszczy\u0144ski<\/p>\n\n\n\n<p><\/p>\n\n\n\n<p>&nbsp;&nbsp;&nbsp;&nbsp;&nbsp;&nbsp;&nbsp;&nbsp;&nbsp;&nbsp;&nbsp;&nbsp;&nbsp;&nbsp;&nbsp;&nbsp;&nbsp;&nbsp;&nbsp;&nbsp;&nbsp;&nbsp;&nbsp;&nbsp;&nbsp;&nbsp;&nbsp;&nbsp;&nbsp;&nbsp;&nbsp;&nbsp;&nbsp;&nbsp;&nbsp;&nbsp;&nbsp;&nbsp;&nbsp;&nbsp;&nbsp;&nbsp;&nbsp;&nbsp;&nbsp;&nbsp;&nbsp;&nbsp;&nbsp;&nbsp;&nbsp;&nbsp;&nbsp;&nbsp;&nbsp;&nbsp;&nbsp;&nbsp;&nbsp;&nbsp;&nbsp;&nbsp;&nbsp;&nbsp;&nbsp;&nbsp;&nbsp;&nbsp;&nbsp;&nbsp;&nbsp;&nbsp;&nbsp;&nbsp;&nbsp;&nbsp;&nbsp;&nbsp;&nbsp;&nbsp;&nbsp;&nbsp;&nbsp;&nbsp;&nbsp;&nbsp;&nbsp;&nbsp;&nbsp;&nbsp;&nbsp;&nbsp; ROK 2013<\/p>\n\n\n\n<p>1) Maria Grochowska<\/p>\n\n\n\n<p>2) Stanis\u0142aw Kucharczuk<\/p>\n\n\n\n<p>3) Tadeusz Lewczuk<\/p>\n\n\n\n<p>4) Grzegorz Szymanek<\/p>\n\n\n\n<p>5) S\u0142awomir Zaniuk<\/p>\n\n\n\n<p>6) Romuald Ju\u017awiaczuk<\/p>\n\n\n\n<p><\/p>\n\n\n\n<p>&nbsp;&nbsp;&nbsp;&nbsp;&nbsp;&nbsp;&nbsp;&nbsp;&nbsp;&nbsp;&nbsp;&nbsp;&nbsp;&nbsp;&nbsp;&nbsp;&nbsp;&nbsp;&nbsp;&nbsp;&nbsp;&nbsp;&nbsp;&nbsp;&nbsp;&nbsp;&nbsp;&nbsp;&nbsp;&nbsp;&nbsp;&nbsp;&nbsp;&nbsp;&nbsp;&nbsp;&nbsp;&nbsp;&nbsp;&nbsp;&nbsp;&nbsp;&nbsp;&nbsp;&nbsp;&nbsp;&nbsp;&nbsp;&nbsp;&nbsp;&nbsp;&nbsp;&nbsp;&nbsp;&nbsp;&nbsp;&nbsp;&nbsp;&nbsp;&nbsp;&nbsp;&nbsp;&nbsp;&nbsp;&nbsp;&nbsp;&nbsp;&nbsp;&nbsp;&nbsp;&nbsp;&nbsp;&nbsp;&nbsp;&nbsp;&nbsp;&nbsp;&nbsp;&nbsp;&nbsp;&nbsp;&nbsp;&nbsp;&nbsp;&nbsp;&nbsp;&nbsp;&nbsp;&nbsp;&nbsp;&nbsp;&nbsp; ROK 2015<br><br><br>1) \u0141osicki Dom Kultury<\/p>\n\n\n\n<p>2) Jadwiga Michaluk<br><br>3) Tadeusz Ostrowicz (po\u015bmiertnie)<\/p>\n\n\n\n<p>4) Feliks Szponar (po\u015bmiertnie)<\/p>\n\n\n\n<p>5) Barbara Wawryniuk<\/p>\n\n\n\n<p>6) Felicja Zawada<\/p>\n\n\n\n<p><br>&nbsp; &nbsp; &nbsp; &nbsp; &nbsp; &nbsp; &nbsp; &nbsp; &nbsp; &nbsp; &nbsp; &nbsp; &nbsp; &nbsp; &nbsp; &nbsp; &nbsp; &nbsp; &nbsp; &nbsp; &nbsp; &nbsp; &nbsp; &nbsp; &nbsp; &nbsp; &nbsp; &nbsp; &nbsp; &nbsp; &nbsp; &nbsp; &nbsp; &nbsp; &nbsp; &nbsp; &nbsp; &nbsp; &nbsp; &nbsp; &nbsp; &nbsp; &nbsp; &nbsp; &nbsp; &nbsp; &nbsp; ROK 2016<\/p>\n\n\n\n<p>1) Kazimierz Jakimiuk<\/p>\n\n\n\n<p>2) Edward Ja\u0144czuk<\/p>\n\n\n\n<p>3) Tadeusz Kosmala<\/p>\n\n\n\n<p>4) Krzysztof Rumik<\/p>\n\n\n\n<p>5) Stanis\u0142aw Szyma\u0144ski (po\u015bmiertnie)<\/p>\n\n\n\n<p><\/p>\n\n\n\n<p>&nbsp;&nbsp;&nbsp;&nbsp;&nbsp;&nbsp;&nbsp;&nbsp;&nbsp;&nbsp;&nbsp;&nbsp;&nbsp;&nbsp;&nbsp;&nbsp;&nbsp;&nbsp;&nbsp;&nbsp;&nbsp;&nbsp;&nbsp;&nbsp;&nbsp;&nbsp;&nbsp;&nbsp;&nbsp;&nbsp;&nbsp;&nbsp;&nbsp;&nbsp;&nbsp;&nbsp;&nbsp;&nbsp;&nbsp;&nbsp;&nbsp;&nbsp;&nbsp;&nbsp;&nbsp;&nbsp;&nbsp;&nbsp;&nbsp;&nbsp;&nbsp;&nbsp;&nbsp;&nbsp;&nbsp;&nbsp;&nbsp;&nbsp;&nbsp;&nbsp;&nbsp;&nbsp;&nbsp;&nbsp;&nbsp;&nbsp;&nbsp;&nbsp;&nbsp;&nbsp;&nbsp;&nbsp;&nbsp;&nbsp;&nbsp;&nbsp;&nbsp;&nbsp;&nbsp;&nbsp;&nbsp; &nbsp; &nbsp; &nbsp; &nbsp; &nbsp;&nbsp; ROK 2019<\/p>\n\n\n\n<p>1) Marian Czmoch<br>2) Marianna Demianiuk<br>3) Miros\u0142aw Odoszewski<br>4) Agata Wasilewska<\/p>\n\n\n\n<p><\/p>\n\n\n\n<p>&nbsp;&nbsp;&nbsp;&nbsp;&nbsp;&nbsp;&nbsp;&nbsp;&nbsp;&nbsp;&nbsp;&nbsp;&nbsp;&nbsp;&nbsp;&nbsp;&nbsp;&nbsp;&nbsp;&nbsp;&nbsp;&nbsp;&nbsp;&nbsp;&nbsp;&nbsp;&nbsp;&nbsp;&nbsp;&nbsp;&nbsp;&nbsp;&nbsp;&nbsp;&nbsp;&nbsp;&nbsp;&nbsp;&nbsp;&nbsp;&nbsp;&nbsp;&nbsp;&nbsp;&nbsp;&nbsp;&nbsp;&nbsp;&nbsp;&nbsp;&nbsp;&nbsp;&nbsp;&nbsp;&nbsp;&nbsp;&nbsp;&nbsp;&nbsp;&nbsp;&nbsp;&nbsp;&nbsp;&nbsp;&nbsp;&nbsp;&nbsp;&nbsp;&nbsp;&nbsp;&nbsp;&nbsp;&nbsp;&nbsp;&nbsp;&nbsp;&nbsp;&nbsp;&nbsp;&nbsp;&nbsp;&nbsp;&nbsp;&nbsp;&nbsp;&nbsp;&nbsp;&nbsp;&nbsp;&nbsp;&nbsp;&nbsp; ROK 2023<br><br>1) Agnieszka Jakoniuk<br>2) Dorota Koz\u0142owska<br>3) Ma\u0142gorzata Szyma\u0144ska<br>4) Dariusz Kazun<br>5) Janusz Kobyli\u0144ski<br>6) Mariusz Kucewicz<br>7) Zenobiusz Parafia\u0144czuk<\/p>\n\n\n\n<p><\/p>\n\n\n\n<p>                                                                                             Rok 2025<\/p>\n\n\n\n<p>1) Biblioteka Pedagogiczna im. Heleny Radli\u0144skiej &#8211; filia \u0141osice<br>2) Towarzystwo Mi\u0142o\u015bnik\u00f3w Ziemi Sarnackiej<br>3) ks. S\u0142awomir Kapitan<br>4) Marianna Paw\u0142owska<br>5) Przemys\u0142aw Stefaniuk<br>6) Krzysztof Dzio\u0142ak<br><\/p>\n\n\n\n<p><\/p>\n\n\n\n<p><\/p>\n","protected":false},"excerpt":{"rendered":"<p>REGULAMIN HONOROWEGO ODZNACZENIA TOWARZYSTWA PRZYJACI\u00d3\u0141 ZIEMI \u0141OSICKIEJ&#8222;ZAS\u0141U\u017bONY DLA ZIEMI \u0141OSICKIEJ&#8221; REGULAMIN ODZNACZENIA Regulamin Honorowego Odznaczenia Towarzystwa Przyjaci\u00f3\u0142 Ziemi \u0141osickiej \u201eZAS\u0141U\u017bONY DLA ZIEMI \u0141OSICKIEJ\u201d Zg\u0142oszenia kandydat\u00f3w mo\u017ce dokona\u0107: a\/ osoba indywidualna b\/ grupa os\u00f3b c\/ stowarzyszenia, instytucje Wniosek z obszernym uzasadnieniem, czyli laudacja kandydata \/formularz zg\u0142oszeniowy\/ do pobrania na stronie&nbsp;http:\/\/www.tpzl.info\/ Do dnia 15 maja ka\u017cdego roku [&hellip;]<\/p>\n","protected":false},"author":1,"featured_media":0,"parent":0,"menu_order":0,"comment_status":"closed","ping_status":"closed","template":"","meta":{"footnotes":""},"class_list":["post-40","page","type-page","status-publish","hentry"],"_links":{"self":[{"href":"https:\/\/tpzl.info\/index.php\/wp-json\/wp\/v2\/pages\/40","targetHints":{"allow":["GET"]}}],"collection":[{"href":"https:\/\/tpzl.info\/index.php\/wp-json\/wp\/v2\/pages"}],"about":[{"href":"https:\/\/tpzl.info\/index.php\/wp-json\/wp\/v2\/types\/page"}],"author":[{"embeddable":true,"href":"https:\/\/tpzl.info\/index.php\/wp-json\/wp\/v2\/users\/1"}],"replies":[{"embeddable":true,"href":"https:\/\/tpzl.info\/index.php\/wp-json\/wp\/v2\/comments?post=40"}],"version-history":[{"count":6,"href":"https:\/\/tpzl.info\/index.php\/wp-json\/wp\/v2\/pages\/40\/revisions"}],"predecessor-version":[{"id":421,"href":"https:\/\/tpzl.info\/index.php\/wp-json\/wp\/v2\/pages\/40\/revisions\/421"}],"wp:attachment":[{"href":"https:\/\/tpzl.info\/index.php\/wp-json\/wp\/v2\/media?parent=40"}],"curies":[{"name":"wp","href":"https:\/\/api.w.org\/{rel}","templated":true}]}}